{"id":109,"date":"2010-08-19T11:53:25","date_gmt":"2010-08-19T09:53:25","guid":{"rendered":"http:\/\/bailador.org\/blog\/"},"modified":"2010-08-19T11:53:25","modified_gmt":"2010-08-19T09:53:25","slug":"lo-sputo-in-faccia-e-la-colonna-infame","status":"publish","type":"page","link":"http:\/\/bailador.org\/blog\/violenza-verso-il-non-umano\/lo-sputo-in-faccia-e-la-colonna-infame\/","title":{"rendered":"Lo sputo in faccia e la colonna infame"},"content":{"rendered":"<p>10\/02\/2010<\/p>\n<p><strong>SEDUTA DEL SENATO DEL 28 GENNAIO 2010 SULL\u2019EMENDAMENTO CHE LIBERALIZZA LA STAGIONE VENATORIA<\/strong><\/p>\n<p>Molti lo hanno capito ma altri fanno finta di non capirlo.<br \/>\nNella seduta del Senato del 28 gennaio 2010 siamo stati umiliati, si \u00e8 fatto il deserto intorno a noi che rispettiamo il non umano. Siamo stati offesi e oltraggiati.<br \/>\nE\u2019 passato l\u2019emendamento all\u2019articolo 38 della Legge comunitaria (gi\u00e0 bocciato dal governo alla Camera e riproposto al Senato) che rende possibile allungare la stagione venatoria. Se l\u2019emendamento &#8211; pensato dallo statista del PDL Giacomo Santini &#8211; diventa legge e si cancellano i limiti della stagione venatoria, ogni Regione avr\u00e0 la possibilit\u00e0 di cambiare le date e aumenter\u00e0 lo sterminio. Gasparri e i suoi amiconi ci hanno sputato in faccia. Hanno emesso uno sputo, nero, catarroso, vomitevole, tossico sul nostro viso. Penso che l\u2019Europa fermer\u00e0 tutto, perch\u00e9 questa \u00e8 una proposta che contrasta la normativa europea e pu\u00f2 provocare procedure d\u2019infrazione con il rischio di multe salatissime.<br \/>\nCome pu\u00f2 l\u2019Unione Europea accettare il massacro dei migratori nei periodi che fermamente vieta?<br \/>\nE l\u2019Italia non \u00e8 parte integrante dell\u2019Europa?<br \/>\nMagari Gasparri e soci non riusciranno nel loro intento, ma importante \u00e8 capire che ci hanno provato e che potrebbero riuscirci. Importante \u00e8 non dimenticare. E mai perdonare. Mai dimenticare quello che hanno fatto. E riflettere su che paese siamo e su chi abbiamo messo al potere con il nostro voto.<\/p>\n<p>Analizziamo quello che \u00e8 accaduto il 28 gennaio nella seduta del senato n. 323<br \/>\n<a href=\"http:\/\/www.senato.it\/leg\/16\/BGT\/Schede\/Ddliter\/votazioni\/323_4.htm\">http:\/\/www.senato.it\/leg\/16\/BGT\/Schede\/Ddliter\/votazioni\/323_4.htm<\/a><br \/>\nPresenti 254 senatori, 139 hanno votato a favore dell\u2019emendamento, 108 contro, 6 si sono astenuti, mentre 31 erano in missione<\/p>\n<p>Il Senato Italiano ha votato un emendamento osteggiato dal popolo. Approvando la rettifica che ha un consenso che raggiunge a malapena il 4-5% il Senato italiano ha commesso un atto di gravit\u00e0 inaudita: non considerando i milioni di persone che osteggiano caccia e liberalizzazione della caccia ha votato per favorire una lobby declinante, (20 anni fa i cacciatori erano 1.500.000, ora sono 765.000) odiata, disprezzata, sostenuta esclusivamente dalla mazzette dell\u2019industria delle armi e da un misero pugno di voti (che costeranno \u2013 spero- assai cari).<\/p>\n<p>Ma analizziamo cosa pensa il popolo riguardo la caccia e l\u2019emendamento: \u201cammazza &#8211; tutto &#8211; quello &#8211; che &#8211; si &#8211; muove &#8211; ovunque &#8211; 24- ore &#8211; su &#8211; 24 \u2013\u201d<\/p>\n<p><strong>Alla domanda: siete favorevoli alla caccia?<br \/>\nIl popolo sovrano al 74% risponde: NO.<\/strong><\/p>\n<p><strong>Alla domanda siete favorevoli a una ulteriore liberalizzazione della caccia?<br \/>\nIl popolo sovrano risponde all\u201982%: NO<\/p>\n<p>Alla domanda siete favorevoli a dare un fucile in mano a un sedicenne?<br \/>\nIl popolo sovrano risponde al 94% . NO<\/p>\n<p><\/strong><\/p>\n<p><strong>Alla domanda siete favorevoli a permettere di sparare nei parchi?<br \/>\nIl popolo sovrano risponde al 91%: NO.<\/strong><\/p>\n<p>Risultato?<\/p>\n<p>Preso atto del volere popolare &#8211; dal momento che l\u2019Italia non \u00e8 il Cile di Pinochet o una repubblica delle<br \/>\nbanane &#8211; il Senato ha votato.<br \/>\nBisogna rispettare il volere del popolo italiano altrimenti che democrazia siamo?<br \/>\nE il 28 gennaio il partito di Berlusconi (con a capo il post fascista Gasparri e l\u2019ex radicale Quagliariello) e la Lega hanno preso atto delle aspirazioni popolari e hanno votato a favore di una misera, sparuta, infinitesimale minoranza, uno striminzito 4-5% che favorisce il vergognoso emendamento.<\/p>\n<p>E sul voto e dei post fascisti c\u2019\u00e8 da riflettere perch\u00e9 mentre Gasparri e i gli ex di AN (ormai parte integrante del partito berlusconiano) hanno messo insieme una robusta maggioranza per compiacere l\u2019estremismo dei massacratori di tortore e di quaglie, il Secolo d\u2019 Italia ha condannato l\u2019operazione e pubblicato un appello, firmato da cento associazioni ambientaliste e animaliste e della societ\u00e0 civile, contro la deregulation.<\/p>\n<p>Il Senato italiano ha fatto passare un emendamento inviso da almeno il 90% del popolo e dal 50% degli stessi cacciatori. Dando torto a milioni di persone il Senato ha seguito il diktat di uno sparuto gruppo di fanatici Rambo, si \u00e8 inchinato davanti alla volont\u00e0 di circa 380.000 cacciatori &#8211; considerando che gli altri 380.000 non ne vogliono sapere della liberalizzazione della caccia perch\u00e9 pensano che pu\u00f2 trasformarsi in un boomerang che gli si rivolger\u00e0 contro. E a riprova di quello che scrivo cito le parole di Osvaldo Veneziano Presidente di Arcicaccia: \u201cE\u2019 ripartito il bracconaggio elettorale: il tentativo di stravolgere la legge quadro sulla caccia introducendo modifiche che rappresentano una minaccia per l\u2019equilibrio ecologico e metterebbero a rischio una corretta attivit\u00e0 venatoria\u201d<\/p>\n<p>Cos\u00ec abbiamo da una parte la crescita esponenziale del popolo \u201canimalista\u201d, evidenziata dal \u201cdossier su caccia e antispecismo\u201d<br \/>\n<a href=\"http:\/\/www.lasaggezzadichirone.org\/site\/wp-content\/uploads\/2009\/06\/lasaggezzadichirone-dossiercaccia.pdf\">http:\/\/www.lasaggezzadichirone.org\/site\/wp-content\/uploads\/2009\/06\/lasaggezzadichirone-dossiercaccia.pdf<\/a><br \/>\ne dall\u2019altra parte il crollo epocale del numero dei cacciatori passati dal 1.701.853 del 1980 ai 765.000 attuali. Ma mentre loro esistono noi non contiamo! Noi non contiamo altrimenti non si spiega una violenza del genere, perch\u00e9 di violenza si deve parlare. Un oltraggio nei nostri confronti.<\/p>\n<p>E analizziamo il voto affinch\u00e9 non sussistano dubbi:<\/p>\n<p><strong>VOTAZIONE EMENDAMENTO ALL\u2019ARTICOLO 38 DELLA LEGGE COMUNITARIA CHE RENDE POSSIBILE ALLUNGARE LA STAGIONE VENATORIA<\/strong><\/p>\n<p><strong>Presidente: Rosa Angela MAURO<br \/>\nPresenti: 254<br \/>\nIn congedo o in missione: 31<br \/>\nNumero legale: 144<br \/>\nMaggioranza: 127<br \/>\nVotanti: 253<br \/>\nFavorevoli: 139<br \/>\nContrari: 108<br \/>\nAstenuti: 6<\/p>\n<p>++++++++++++++++++++++++++++++<\/p>\n<p>HANNO VOTATO A FAVORE = 139<\/p>\n<p>POPOLO DELLE LIBERTA\u2019 = 111<br \/>\nLEGA NORD = 19<br \/>\nUDC e SVP = 6<br \/>\nPARTITO DEMOCRATICO = 1<br \/>\nMISTO = 2<\/p>\n<p>HANNO VOTATO CONTRO = 108<\/p>\n<p>PARTITO DEMOCRATICO = 95<br \/>\nITALIA DEI VALORI = 9<br \/>\nUDC e SVP = 2<br \/>\nMISTO = 2<br \/>\nPOPOLO DELLE LIBERTA\u2019 = 0<br \/>\nLEGA NORD = 0<\/p>\n<p>SI SONO ASTENUTI = 6<\/p>\n<p>POPOLO DELLA LIBERTA\u2019 = 2<br \/>\nPARTITO DEMOCRATICO = 2<\/p>\n<p>IN CONGEDO O IN MISSIONE = 31<\/p>\n<p><\/strong><\/p>\n<p><strong>POPOLO DELLA LIBERTA\u2019 = 20<br \/>\nPARTITO DEMOCRATICO = 5<br \/>\nLEGA NORD = 4<br \/>\nMISTO = 2<\/strong><\/p>\n<p>Non esistono dubbi: l\u2019emendamento \u00e8 passato per la volont\u00e0 chiara del Centro Destra.<br \/>\nNegare questo \u00e8 folle. Un senatore del PD ha votato a favore, e due si sono astenuti. E i tre vanno considerati come parte integrante della lobby della violenza. Va anche detto che quei tre voti non erano voti determinanti: la maggioranza era di 31 voti e anche sommando i voti dei democratici assenti e astenuti non sarebbe stato possibile raggiungere i voti mancanti. Sommando i voti mancanti del PD si raggiungono 8 voti.<br \/>\nAbbiamo, quindi, una chiara immagine di cosa \u00e8 accaduto.<\/p>\n<p><strong>I nomi dei votanti li troverete in fondo alla lettera, divisi per partito, e vanno scolpiti in una colonna infame.<\/strong><\/p>\n<p>Giorni fa ho visto a Roma i lavoratori dell\u2019Alcoa \u2013 che produce alluminio &#8211; manifestare davanti a Montecitorio. Oltre mille lavoratori avevano perso il posto e si erano riversati su Roma. Erano giunti dalla Sardegna e dal Veneto e si erano accampati nella piazza. Avevano creato una minitendopoli, picchiavano sui tamburi e cantavano. Era un rumore potente, ritmato e continuo. Si battevano per il proprio posto di lavoro perch\u00e9 gli stabilimenti di Portosveme e Fusina rischiano di essere chiusi. E se mille lavoratori sono riusciti a farsi sentire con la loro presenza rumorosa come \u00e8 possibile che milioni di animalisti (o antispecisti) non siano in grado di ribellarsi per quello che \u00e8 accaduto in Senato? Come \u00e8 possibile che le 150 associazioni che hanno protestato non siano in grado di chiamare 300 \u201canimalisti\u201d e creare una manifestazione simile a quella degli operai del settore dell\u2019alluminio accampandosi e manifestando per giorni davanti al Senato o alla Camera dei Deputati?<br \/>\nPerch\u00e9 non siamo in grado di reagire contro quest\u2019oltraggio che produrr\u00e0 &#8211; se andr\u00e0 in porto \u2013 incontrollati massacri? Perch\u00e9 non siamo in grado di far sentire la nostra voce e ci limitiamo soltanto a sterili proteste?<br \/>\nPerch\u00e9 non possiamo creare anche noi un \u201cpopolo viola\u201d? A che serve subire un oltraggio del genere per poi attuare il tam &#8211; tam della rete che lascia il tempo che trova? Perch\u00e9 non possiamo fare come gli operai dell\u2019Alcoa? Cosa ce lo vieta? Cosa c\u2019\u00e8 in noi che non ci permette di attaccare chi ci oltraggia nella maniera che mille altri gruppi riescono a fare? In che mani siamo se le grandi associazioni subiscono un oltraggio come questo e non sanno mobilitarsi? E perch\u00e9 non unire la lotta per la caccia con quella contro i canili lager, la tratta e altri orrori? Perch\u00e9? Perch\u00e9 l\u2019ala estremista dei cacciatori, la CONFAVI pu\u00f2 fare una manifestazione il 9 marzo e non noi?<\/p>\n<p>Questa \u00e8 la conseguenza idiota di chi dice che non dobbiamo confrontarci con la politica e continua a inviare omelie spiegando che tutto va bene, che il movimento vegetariano cresce a dismisura e che chi parla di politica \u00e8 un pessimista (sic!). Siamo al Candide di Voltaire. Abbiamo i dottor Pangloss vegetariani che mentre subiscono immani catastrofi continuano a dire &#8211; come il Pangloss volteriano ispirato da Leibniz -che questo \u00e8 il \u201cmigliore dei mondi possibili\u201d. Chiliamacisegua emette quotidianamente un flusso di immagini raccapriccianti riprese nel Molise, in Campania, in Sicilia, le \u201csante donne\u201d impazziscono dal dolore per quello che vedono e le \u201canime belle\u201d continuano a dire che \u201ctutto va bene\u201d. Si leva un lamento continuo, tremendo, per quello che accade agli animali e i Pangloss nostrani ci dicono che tutto va nel verso giusto e che noi siamo pessimisti.<\/p>\n<p><strong>E chi nega che il numero dei vegetariani cresce? Chi lo nega?<\/strong><\/p>\n<p>Cresce a dismisura il numero dei vegetariani e dei vegani e allo stesso tempo (con l\u2019espansione delle nuove economie come la Cina ) cresce a dismisura il consumo della carne. Non l\u2019avevate capito?<\/p>\n<p><strong>Ma la domanda \u00e8 un\u2019altra: se siamo tanti e le vostre sette riempiono &#8211; come scrivete &#8211; le assemblee come \u00e8 possibile che subite affronti dopo affronti senza batter ciglio? E cosa vi offende se cerchiamo di unirci per far fronte all\u2019orrore? Cosa? Cosa???? Nessuno parla di un partito ma di un movimento che lotti unito assorbendo, senza annullare le mille diversit\u00e0. Ripeto: UNITO MA SENZA ANNULLARE LE MILLE DIVERSITA\u2019.<\/strong><\/p>\n<p>La rete \u00e8 assolutamente vitale, ma le leggi le fanno il Senato e il Parlamento e lasciare gli spazi che si lasciano a<br \/>\nminoranze sparute (che li riempiono magistralmente) comporta poi ricevere lo sputo in faccia che abbiamo ricevuto.<\/p>\n<p><strong>Le leggi le fa la politica e una legge equivale a milioni di esseri viventi sterminati.<br \/>\nUn emendamento vuol dire morte per un numero incalcolabile di animali.<\/strong><\/p>\n<p>Qualcuno lo spieghi alle \u201canime belle\u201d che non hanno ancora capito dove il loro inane buonismo ci ha trascinato. Dove siamo finiti con la loro visione incartapecorita. Con le loro liste di proscrizioni tra buoni e cattivi animalisti: una cosa cretina e offensiva.<\/p>\n<p>Un esempio? Dal momento che la Destra \u00e8 la Destra, dove vivo la vittoria dei conservatori (ormai quasi inevitabile) nelle prossime elezioni canceller\u00e0 il \u201c2004 Hunting Ban\u201d &#8211; la sospensione ottenuta dopo una grande lotta per limitare la caccia alla volpe &#8211; e comincer\u00e0 la sbranamento da parte dei cani di migliaia di animali. A che serviranno i piagnistei e il tam- tam della rete una volta che la Camera ha decretato la riapertura alla caccia come avveniva prima del blocco attuato dai laburisti? I conservatori hanno gi\u00e0 promesso che se vinceranno le elezioni daranno libert\u00e0 di voto. Non faranno come Gasparri e soci che hanno spinto a pi\u00f9 non posso per l\u2019emendamento. Diranno: siete liberi di votare come credete. E perch\u00e9 lo fanno? Perch\u00e9 sanno che il popolo \u00e8 contro la sospensione e potrebbero perdere centinaia di migliaia di voti qualora prendessero una ferma posizione come hanno fatto Lega e PDL con l\u2019emendamento dell\u2019articolo 38.<br \/>\nIl risultato? Su 130 candidati conservatori, 127 hanno gi\u00e0 detto che voteranno per annullate il \u201c2004 Hunting Ban\u201d e gi\u00e0 si sa che avranno un maggioranza di 31 MP (deputati) calcolando alcuni liberali e laburisti che voteranno con loro, come ha fatto Guido Galperti, l\u2019unico Senatore del PD che ha votato con Gasparri e soci.<br \/>\nE quando questo avverr\u00e0 rivedremo migliaia di animali sbranati dai morsi dei cani. Poi comincer\u00e0 il tam &#8211; tam della rete, che \u00e8 essenziale, ma non cambia un piffero.<\/p>\n<p>La politica?<br \/>\nLa odio per quello che ho vissuto sulla mia pelle quando era nel gruppo dirigente del mio sindacato, ma rinunciarci porta alla catastrofe del 28 gennaio.<\/p>\n<p>Un ultima cosa: nel sondaggio sottostante alla domanda rivolta al popolo sovrano: se tali norme (l\u2019emendamento sulla caccia) venissero approvate, andrebbe a votare in caso di referendum per abrogarle?<\/p>\n<p><strong>Il popolo sovrano risponde:<\/strong><\/p>\n<p><strong> <\/strong><\/p>\n<p><strong>S\u00ec 72,4%<br \/>\nCertamente s\u00ec 58,5%<\/strong><\/p>\n<p>Maledetto quorum!<\/p>\n<p>Riflettiamoci.<\/p>\n<p>Paolo Ricci<\/p>\n<p>********************<\/p>\n<p><strong>SONDAGGIO SULLA CACCIA<br \/>\nEURISKO &#8211; ENPA<br \/>\nDICEMBRE 2004<\/strong><\/p>\n<p><strong>1. Parliamo di caccia. Indichi quanto \u00e8 d\u2019accordo con le seguenti frasi.<br \/>\n1a. La caccia pu\u00f2 costituire un pericolo anche per l\u2019uomo.<\/p>\n<p>S\u00ec 68,6%<br \/>\nMolto 41%<br \/>\nAbbastanza 27,6%<br \/>\nNo 23,2%<br \/>\nPoco 9,9%<br \/>\nPer niente 13,3%<br \/>\nNon saprei\/dipende 7,8%<br \/>\nNon risponde 0,4%<\/p>\n<p>1b. La caccia sottrae a tutti una parte del patrimonio naturale.<\/p>\n<p>S\u00ec 71,3%<br \/>\nMolto 46,9%<br \/>\nAbbastanza 24,4%<br \/>\nNo 21,5%<br \/>\nPoco 9,9%<br \/>\nPer niente 11,5%<br \/>\nNon saprei\/dipende 6,8%<br \/>\nNon risponde 0,4%<\/p>\n<p>1c. I cacciatori uccidono gli animali per divertimento.<\/p>\n<p>S\u00ec 64,7%<br \/>\nMolto 40,6%<br \/>\nAbbastanza 24,1%<br \/>\nNo 23%<br \/>\nPoco 10,1%<br \/>\nPer niente 12,9%<br \/>\nNon saprei\/dipende 11,5%<br \/>\nNon risponde 0,8%<\/p>\n<p>2. Lei \u00e8 favorevole alla caccia?<\/p>\n<p>S\u00ec 15,2%<br \/>\nMolto 5,9%<br \/>\nAbbastanza 9,3%<br \/>\nNo 74,1%<br \/>\nPoco 10,9%<br \/>\nPer niente 63,2%<br \/>\nSono indifferente 10,1%<br \/>\nNon risponde 0,6%<\/p>\n<p>3. E\u2019 favorevole a un\u2019ulteriore liberalizzazione della caccia che permetta l\u2019aumento delle specie cacciabili, pi\u00f9 tempo per l\u2019apertura della caccia, pi\u00f9 luoghi dove poter cacciare?<\/p>\n<p>S\u00ec 9,8%<br \/>\nMolto 4,3%<br \/>\nAbbastanza 5,5%<br \/>\nNo 82,5%<br \/>\nPoco 8,9%<br \/>\nPer niente 73,6%<br \/>\nSono indifferente 5,7%<br \/>\nNon risponde 2%<\/p>\n<p>4. Se tali norme venissero approvate, andrebbe a votare in caso di<br \/>\nreferendum per abrogarle? (base: maggiorenni)<\/p>\n<p>S\u00ec 72,4%<br \/>\nCertamente s\u00ec 58,5%<br \/>\nProbabilmente s\u00ec 13,9%<br \/>\nNo 17%<br \/>\nCertamente no 12,5%<br \/>\nProbabilmente no 4,4%<br \/>\nNon saprei\/dipende 8,6%<br \/>\nNon risponde 2,1%<\/p>\n<h2>LA COLONNA INFAME<\/h2>\n<p>VOTAZIONE EMENDAMENTO ALL\u2019ARTICOLO 38 DELLA LEGGE COMUNITARIA CHE RENDE POSSIBILE ALLUNGARE LA STAGIONE VENATORIA<\/p>\n<p>Seduta n. 323 del 28 gennaio 2010 &#8211; Votazione elettronica n. 4<br \/>\nOggetto: Articolo 38 nel testo emendato<br \/>\nPresidente: Rosa Angela MAURO<br \/>\nPresenti: 254<br \/>\nIn congedo o in missione: 31<br \/>\nNumero legale: 144<br \/>\nMaggioranza: 127<br \/>\nVotanti: 253<br \/>\nFavorevoli: 139<br \/>\nContrari: 108<br \/>\nAstenuti: 6<br \/>\nEsito: Approvato<\/p>\n<p>++++++++++++++++++++++++++++++<\/p>\n<p>HANNO VOTATO A FAVORE = 139<\/p>\n<p>POPOLO DELLE LIBERTA\u2019 = 111<\/p>\n<p>ALLEGRINI Laura<br \/>\nAMATO Paolo<br \/>\nAMORUSO Francesco Maria<br \/>\nASCIUTTI Franco<br \/>\nAUGELLO Andrea<br \/>\nAZZOLLINI Antonio<br \/>\nBALBONI Alberto<br \/>\nBALDASSARRI Mario<br \/>\nBALDINI Massimo<br \/>\nBARELLI Paolo<br \/>\nBATTAGLIA Antonio<br \/>\nBENEDETTI VALENTINI Domenico<br \/>\nBETTAMIO Giampaolo<br \/>\nBEVILACQUA Francesco<br \/>\nBIANCONI Laura<br \/>\nBONFRISCO Anna Cinzia<br \/>\nBOSCETTO Gabriele<br \/>\nCALABRO\u2019 Raffaele<br \/>\nCALIGIURI Battista<br \/>\nCAMBER Giulio<br \/>\nCARRARA Valerio<br \/>\nCARUSO Antonino<br \/>\nCASOLI Francesco<br \/>\nCASTRO Maurizio<br \/>\nCENTARO Roberto<br \/>\nCIARRAPICO Giuseppe<br \/>\nCICOLANI Angelo Maria<br \/>\nCOLLI Ombretta<br \/>\nCOMPAGNA Luigi<br \/>\nCONTI Riccardo<br \/>\nCONTINI Barbara<br \/>\nCOSTA Rosario Giorgio<br \/>\nCURSI Cesare<br \/>\nCUTRUFO Mauro<br \/>\nD\u2019ALI\u2019 Antonio<br \/>\nD\u2019AMBROSIO LETTIERI Luigi<br \/>\nDE ANGELIS Candido<br \/>\nDE ECCHER Cristano<br \/>\nDE GREGORIO Sergio<br \/>\nDE LILLO Stefano<br \/>\nDELOGU Mariano<br \/>\nDI GIROLAMO Nicola<br \/>\nDI STEFANO Fabrizio<br \/>\nDIGILIO Egidio<br \/>\nDINI Lamberto<br \/>\nBUTTI Alessio<br \/>\nESPOSITO Giuseppe<br \/>\nFASANO Vincenzo<br \/>\nFAZZONE Claudio<br \/>\nFERRARA Mario<br \/>\nGALIOTO Vincenzo<br \/>\nGALLO Cosimo<br \/>\nGALLONE Maria Alessandra<br \/>\nFLERES Salvo<br \/>\nFLUTTERO Andrea<br \/>\nGAMBA Pierfrancesco Emilio Romano<br \/>\nGASPARRI Maurizio<br \/>\nGENTILE Antonio<br \/>\nGERMONTANI Maria Ida<br \/>\nGHIGO Enzo Giorgio<br \/>\nGIORDANO Basilio<br \/>\nGIULIANO Pasquale<br \/>\nGRAMAZIO Domenico<br \/>\nGRILLO Luigi<br \/>\nIZZO Cosimo<br \/>\nLATRONICO Cosimo<br \/>\nLAURO Raffaele<br \/>\nLENNA Vanni<br \/>\nMASSIDDA Piergiorgio<br \/>\nMAZZARACCHIO Salvatore<br \/>\nMENARDI Giuseppe<br \/>\nMESSINA Alfredo<br \/>\nMORRA Carmelo<br \/>\nMUGNAI Franco<br \/>\nMUSSO Enrico<br \/>\nNESPOLI Vincenzo<br \/>\nORSI Franco<br \/>\nPASTORE Andrea<br \/>\nPICCIONI Lorenzo<br \/>\nPICCONE Filippo<br \/>\nPICHETTO FRATIN Gilberto<br \/>\nPISCITELLI Salvatore<br \/>\nLICASTRO SCARDINO Simonetta<br \/>\nMALAN Lucio<br \/>\nPONTONE Francesco<br \/>\nPOSSA Guido<br \/>\nQUAGLIARIELLO Gaetano<br \/>\nRAMPONI Luigi<br \/>\nRIZZOTTI Maria<br \/>\nSACCOMANNO Michele<br \/>\nSAIA Maurizio<br \/>\nSALTAMARTINI Filippo<br \/>\nSANCIU Fedele<br \/>\nSANTINI Giacomo<br \/>\nSARRO Carlo<br \/>\nSCARABOSIO Aldo<br \/>\nSCARPA BONAZZA BUORA Paolo<br \/>\nSCIASCIA Salvatore<br \/>\nSERAFINI Giancarlo<br \/>\nSIBILIA Cosimo<br \/>\nSPEZIALI Vincenzo<br \/>\nSTANCANELLI Raffaele<br \/>\nVALDITARA Giuseppe<br \/>\nVALENTINO Giuseppe<br \/>\nVETRELLA Sergio<br \/>\nVICARI Simona<br \/>\nVICECONTE Guido<br \/>\nVIZZINI Carlo<br \/>\nZANETTA Valter<br \/>\nZANOLETTI Tomaso<br \/>\nTANCREDI Paolo<\/p>\n<p>LEGA NORD = 19<\/p>\n<p>ADERENTI Irene<br \/>\nBODEGA Lorenzo<br \/>\nBOLDI Rossana<br \/>\nCAGNIN Luciano<br \/>\nDIVINA Sergio<br \/>\nFRANCO Paolo<br \/>\nFILIPPI Alberto<br \/>\nGARAVAGLIA Massimo<br \/>\nLEONI Giuseppe<br \/>\nMARAVENTANO Angela<br \/>\nMARAVENTANO Angela<br \/>\nMAZZATORTA Sandro<br \/>\nMONTANI Enrico<br \/>\nMURA Roberto<br \/>\nMONTI Cesarino<br \/>\nPITTONI Mario<br \/>\nSTIFFONI Piergiorgio<br \/>\nVALLI Armando<br \/>\nVACCARI Gianvittore<br \/>\nRIZZI Fabio<\/p>\n<p>UDC e SVP = 6<\/p>\n<p>D\u2019ALIA Gianpiero<br \/>\nFOSSON Antonio<br \/>\nBIANCHI Dorina<br \/>\nPINZGER Manfred<br \/>\nPOLI BORTONE Adriana<br \/>\nTHALER AUSSERHOFER Helga<\/p>\n<p>PARTITO DEMOCRATICO = 1<\/p>\n<p>GALPERTI Guido<\/p>\n<p>MISTO = 2<\/p>\n<p>BURGARETTA APARO Sebastiano<br \/>\nOLIVA Vincenzo<\/p>\n<p>HANNO VOTATO CONTRO = 108<\/p>\n<p>PARTITO DEMOCRATICO = 95<\/p>\n<p>ADAMO Marilena<br \/>\nAGOSTINI Mauro<br \/>\nAMATI Silvana<br \/>\nANDRIA Alfonso<br \/>\nANTEZZA Maria<br \/>\nARMATO Teresa<br \/>\nBAIO Emanuela<br \/>\nBARBOLINI Giuliano<br \/>\nBASSOLI Fiorenza<br \/>\nBASTICO Mariangela<br \/>\nBERTUZZI Maria Teresa<br \/>\nBIANCO Enzo<br \/>\nBIONDELLI Franca<br \/>\nBLAZINA Tamara<br \/>\nBOSONE Daniele<br \/>\nBUBBICO Filippo<br \/>\nCAROFIGLIO Gianrico<br \/>\nCASSON Felice<br \/>\nCECCANTI Stefano<br \/>\nCERUTI Mauro<br \/>\nCHIAROMONTE Franca<br \/>\nCHIURAZZI Carlo<br \/>\nCOSENTINO Lionello<br \/>\nD\u2019AMBROSIO Gerardo<br \/>\nDE LUCA Vincenzo<br \/>\nDE SENA Luigi<br \/>\nDEL VECCHIO Mauro<br \/>\nDELLA MONICA Silvia<br \/>\nDELLA SETA Roberto<br \/>\nDI GIOVAN PAOLO Roberto<br \/>\nDONAGGIO Cecilia<br \/>\nD\u2019UBALDO Lucio Alessio<br \/>\nFERRANTE Francesco<br \/>\nFILIPPI Marco<br \/>\nFINOCCHIARO Anna<br \/>\nFIORONI Anna Rita<br \/>\nFISTAROL Maurizio<br \/>\nFOLLINI Marco<br \/>\nFONTANA Cinzia Maria<br \/>\nFRANCO Vittoria<br \/>\nGARAVAGLIA Mariapia<br \/>\nGARRAFFA Costantino<br \/>\nGASBARRI Mario<br \/>\nGHEDINI Rita<br \/>\nGIARETTA Paolo<br \/>\nGRANAIOLA Manuela<br \/>\nICHINO Pietro<br \/>\nINCOSTANTE Maria Fortuna<br \/>\nLEGNINI Giovanni<br \/>\nLIVI BACCI Massimo<br \/>\nLUMIA Giuseppe<br \/>\nLUSI Luigi<br \/>\nMAGISTRELLI Marina<br \/>\nMARINARO Francesca Maria<br \/>\nMARINI Franco<br \/>\nMARINO Ignazio<br \/>\nMARINO Mauro Maria<br \/>\nMAZZUCONI Daniela<br \/>\nMERCATALI Vidmer<br \/>\nMICHELONI Claudio<br \/>\nMILANA Riccardo<br \/>\nMOLINARI Claudio<br \/>\nMONGIELLO Colomba<br \/>\nMORANDO Enrico<br \/>\nNEGRI Magda<br \/>\nNEROZZI Paolo<br \/>\nPAPANIA Antonino<br \/>\nPA PEGORER Carlo<br \/>\nPASSONI Achille<br \/>\nPERTOLDI Flavio<br \/>\nPIGNEDOLI Leana<br \/>\nPINOTTI Roberta<br \/>\nPORETTI Donatella<br \/>\nPROCACCI Giovanni<br \/>\nRANDAZZO Nino<br \/>\nRANUCCI Raffaele<br \/>\nROILO Giorgio<br \/>\nROSSI Paolo<br \/>\nRUSCONI Antonio<br \/>\nSANGALLI Gian Carlo<br \/>\nSANNA Francesco<br \/>\nSBARBATI Luciana<br \/>\nSCANU Gian Piero<br \/>\nSERAFINI Anna Maria<br \/>\nSERRA Achille<br \/>\nSIRCANA Silvio Emilio<br \/>\nSOLIANI Albertina<br \/>\nSTRADIOTTO Marco<br \/>\nTEDESCO Alberto<br \/>\nTOMASELLI Salvatore<br \/>\nTONINI Giorgio<br \/>\nTREU Tiziano<br \/>\nVIMERCATI Luigi<br \/>\nVITA Vincenzo Maria<br \/>\nVITALI Walter<\/p>\n<p>ITALIA DEI VALORI = 9<\/p>\n<p>CAFORIO Giuseppe<br \/>\nCARLINO Giuliana<br \/>\nDE TONI Gianpiero<br \/>\nGIAMBRONE Fabio<br \/>\nLANNUTTI Elio<br \/>\nLI GOTTI Luigi<br \/>\nMASCITELLI Alfonso<br \/>\nPARDI Francesco<br \/>\nPEDICA Stefano<\/p>\n<p>UDC e SVP = 2<\/p>\n<p>GIAI Mirella<br \/>\nPETERLINI Oskar<\/p>\n<p>MISTO = 2<\/p>\n<p>ASTORE Giuseppe<br \/>\nRUTELLI Francesco<\/p>\n<p>POPOLO DELLE LIBERTA\u2019 = 0<\/p>\n<p>LEGA NORD = 0<\/p>\n<p>SI SONO ASTENUTI = 6<\/p>\n<p>POPOLO DELLA LIBERTA\u2019 = 2<\/p>\n<p>ALICATA Bruno<br \/>\nTOTARO Achille<\/p>\n<p>MISTO = 2<\/p>\n<p>BRUNO Franco<br \/>\nGUSTAVINO Claudio<\/p>\n<p>PARTITO DEMOCRATICO = 2<\/p>\n<p>LEDDI Maria<br \/>\nMARCUCCI Andrea<\/p>\n<p>IN CONGEDO O IN MISSIONE = 31<\/p>\n<p>POPOLO DELLA LIBERTA\u2019 = 20<\/p>\n<p>ALBERTI CASELLATI Maria Elisabetta<br \/>\nBERSELLI Filippo<br \/>\nBORNACIN Giorgio<br \/>\nCASELLI Esteban Juan<br \/>\nCOMINCIOLI Romano<br \/>\nCORONELLA Gennaro<br \/>\nDE FEO Diana<br \/>\nDELL\u2019UTRI Marcello<br \/>\nDI GIACOMO Ulisse<br \/>\nGIOVANARDI Carlo<br \/>\nLONGO Piero<br \/>\nMANTOVANI Mario<br \/>\nNESSA Pasquale<br \/>\nPALMA Nitto Francesco<br \/>\nPARAVIA Antonio<br \/>\nPERA Marcello<br \/>\nPISANU Beppe<br \/>\nSARO Giuseppe<br \/>\nTOFANI Oreste<br \/>\nVIESPOLI Pasquale<\/p>\n<p>PARTITO DEMOCRATICO = 5<\/p>\n<p>CABRAS Antonello<br \/>\nCARLONI Anna Maria<br \/>\nCHITI Vannino<br \/>\nCRISAFULLI Vladimiro<br \/>\nMARCENARO Pietro<\/p>\n<p>LEGA NORD = 4<\/p>\n<p>CASTELLI Roberto<br \/>\nDAVICO Michelino<br \/>\nTORRI Giovanni<br \/>\nVALLARDI Gianpaolo<\/p>\n<p>MISTO = 2<\/p>\n<p><\/strong><\/p>\n<p><strong>CIAMPI Carlo Azeglio<br \/>\nRUSSO Giacinto<\/strong><\/p>\n","protected":false},"excerpt":{"rendered":"<p>10\/02\/2010 SEDUTA DEL SENATO DEL 28 GENNAIO 2010 SULL\u2019EMENDAMENTO CHE LIBERALIZZA LA STAGIONE VENATORIA Molti lo hanno capito ma altri fanno finta di non capirlo. Nella seduta del Senato del 28 gennaio 2010 siamo stati umiliati, si \u00e8 fatto il deserto intorno a noi che rispettiamo il non umano. Siamo stati offesi e oltraggiati. E\u2019 &hellip; <a href=\"http:\/\/bailador.org\/blog\/violenza-verso-il-non-umano\/lo-sputo-in-faccia-e-la-colonna-infame\/\" class=\"more-link\">Leggi tutto<span class=\"screen-reader-text\"> &#8220;Lo sputo in faccia e la colonna infame&#8221;<\/span><\/a><\/p>\n","protected":false},"author":1,"featured_media":0,"parent":24,"menu_order":0,"comment_status":"open","ping_status":"open","template":"violenza.php","meta":{"iawp_total_views":1,"footnotes":""},"class_list":["post-109","page","type-page","status-publish","hentry"],"yoast_head":"<!-- This site is optimized with the Yoast SEO plugin v27.5 - https:\/\/yoast.com\/product\/yoast-seo-wordpress\/ -->\n<title>Lo sputo in faccia e la colonna infame - Bailador<\/title>\n<meta name=\"robots\" content=\"index, follow, max-snippet:-1, max-image-preview:large, max-video-preview:-1\" \/>\n<link rel=\"canonical\" href=\"http:\/\/bailador.org\/blog\/violenza-verso-il-non-umano\/lo-sputo-in-faccia-e-la-colonna-infame\/\" \/>\n<meta property=\"og:locale\" content=\"it_IT\" \/>\n<meta property=\"og:type\" content=\"article\" \/>\n<meta property=\"og:title\" content=\"Lo sputo in faccia e la colonna infame - Bailador\" \/>\n<meta property=\"og:description\" content=\"10\/02\/2010 SEDUTA DEL SENATO DEL 28 GENNAIO 2010 SULL\u2019EMENDAMENTO CHE LIBERALIZZA LA STAGIONE VENATORIA Molti lo hanno capito ma altri fanno finta di non capirlo. Nella seduta del Senato del 28 gennaio 2010 siamo stati umiliati, si \u00e8 fatto il deserto intorno a noi che rispettiamo il non umano. Siamo stati offesi e oltraggiati. E\u2019 &hellip; Leggi tutto &quot;Lo sputo in faccia e la colonna infame&quot;\" \/>\n<meta property=\"og:url\" content=\"http:\/\/bailador.org\/blog\/violenza-verso-il-non-umano\/lo-sputo-in-faccia-e-la-colonna-infame\/\" \/>\n<meta property=\"og:site_name\" content=\"Bailador\" \/>\n<meta property=\"article:publisher\" content=\"https:\/\/www.facebook.com\/Bailador.org\" \/>\n<meta name=\"twitter:card\" content=\"summary_large_image\" \/>\n<meta name=\"twitter:label1\" content=\"Tempo di lettura stimato\" \/>\n\t<meta name=\"twitter:data1\" content=\"14 minuti\" \/>\n<script type=\"application\/ld+json\" class=\"yoast-schema-graph\">{\"@context\":\"https:\\\/\\\/schema.org\",\"@graph\":[{\"@type\":\"WebPage\",\"@id\":\"http:\\\/\\\/bailador.org\\\/blog\\\/violenza-verso-il-non-umano\\\/lo-sputo-in-faccia-e-la-colonna-infame\\\/\",\"url\":\"http:\\\/\\\/bailador.org\\\/blog\\\/violenza-verso-il-non-umano\\\/lo-sputo-in-faccia-e-la-colonna-infame\\\/\",\"name\":\"Lo sputo in faccia e la colonna infame - Bailador\",\"isPartOf\":{\"@id\":\"http:\\\/\\\/bailador.org\\\/blog\\\/#website\"},\"datePublished\":\"2010-08-19T09:53:25+00:00\",\"breadcrumb\":{\"@id\":\"http:\\\/\\\/bailador.org\\\/blog\\\/violenza-verso-il-non-umano\\\/lo-sputo-in-faccia-e-la-colonna-infame\\\/#breadcrumb\"},\"inLanguage\":\"it-IT\",\"potentialAction\":[{\"@type\":\"ReadAction\",\"target\":[\"http:\\\/\\\/bailador.org\\\/blog\\\/violenza-verso-il-non-umano\\\/lo-sputo-in-faccia-e-la-colonna-infame\\\/\"]}]},{\"@type\":\"BreadcrumbList\",\"@id\":\"http:\\\/\\\/bailador.org\\\/blog\\\/violenza-verso-il-non-umano\\\/lo-sputo-in-faccia-e-la-colonna-infame\\\/#breadcrumb\",\"itemListElement\":[{\"@type\":\"ListItem\",\"position\":1,\"name\":\"Home\",\"item\":\"http:\\\/\\\/bailador.org\\\/blog\\\/\"},{\"@type\":\"ListItem\",\"position\":2,\"name\":\"Violenza e il non umano\",\"item\":\"http:\\\/\\\/bailador.org\\\/blog\\\/violenza-verso-il-non-umano\\\/\"},{\"@type\":\"ListItem\",\"position\":3,\"name\":\"Lo sputo in faccia e la colonna infame\"}]},{\"@type\":\"WebSite\",\"@id\":\"http:\\\/\\\/bailador.org\\\/blog\\\/#website\",\"url\":\"http:\\\/\\\/bailador.org\\\/blog\\\/\",\"name\":\"Bailador\",\"description\":\"Gruppo di lavoro per la difesa del non umano\",\"publisher\":{\"@id\":\"http:\\\/\\\/bailador.org\\\/blog\\\/#organization\"},\"potentialAction\":[{\"@type\":\"SearchAction\",\"target\":{\"@type\":\"EntryPoint\",\"urlTemplate\":\"http:\\\/\\\/bailador.org\\\/blog\\\/?s={search_term_string}\"},\"query-input\":{\"@type\":\"PropertyValueSpecification\",\"valueRequired\":true,\"valueName\":\"search_term_string\"}}],\"inLanguage\":\"it-IT\"},{\"@type\":\"Organization\",\"@id\":\"http:\\\/\\\/bailador.org\\\/blog\\\/#organization\",\"name\":\"Bailador\",\"url\":\"http:\\\/\\\/bailador.org\\\/blog\\\/\",\"logo\":{\"@type\":\"ImageObject\",\"inLanguage\":\"it-IT\",\"@id\":\"http:\\\/\\\/bailador.org\\\/blog\\\/#\\\/schema\\\/logo\\\/image\\\/\",\"url\":\"http:\\\/\\\/bailador.org\\\/blog\\\/wp-content\\\/uploads\\\/2024\\\/02\\\/testa-bailador-1920.jpg\",\"contentUrl\":\"http:\\\/\\\/bailador.org\\\/blog\\\/wp-content\\\/uploads\\\/2024\\\/02\\\/testa-bailador-1920.jpg\",\"width\":1500,\"height\":698,\"caption\":\"Bailador\"},\"image\":{\"@id\":\"http:\\\/\\\/bailador.org\\\/blog\\\/#\\\/schema\\\/logo\\\/image\\\/\"},\"sameAs\":[\"https:\\\/\\\/www.facebook.com\\\/Bailador.org\"]}]}<\/script>\n<!-- \/ Yoast SEO plugin. -->","yoast_head_json":{"title":"Lo sputo in faccia e la colonna infame - Bailador","robots":{"index":"index","follow":"follow","max-snippet":"max-snippet:-1","max-image-preview":"max-image-preview:large","max-video-preview":"max-video-preview:-1"},"canonical":"http:\/\/bailador.org\/blog\/violenza-verso-il-non-umano\/lo-sputo-in-faccia-e-la-colonna-infame\/","og_locale":"it_IT","og_type":"article","og_title":"Lo sputo in faccia e la colonna infame - Bailador","og_description":"10\/02\/2010 SEDUTA DEL SENATO DEL 28 GENNAIO 2010 SULL\u2019EMENDAMENTO CHE LIBERALIZZA LA STAGIONE VENATORIA Molti lo hanno capito ma altri fanno finta di non capirlo. Nella seduta del Senato del 28 gennaio 2010 siamo stati umiliati, si \u00e8 fatto il deserto intorno a noi che rispettiamo il non umano. Siamo stati offesi e oltraggiati. E\u2019 &hellip; Leggi tutto \"Lo sputo in faccia e la colonna infame\"","og_url":"http:\/\/bailador.org\/blog\/violenza-verso-il-non-umano\/lo-sputo-in-faccia-e-la-colonna-infame\/","og_site_name":"Bailador","article_publisher":"https:\/\/www.facebook.com\/Bailador.org","twitter_card":"summary_large_image","twitter_misc":{"Tempo di lettura stimato":"14 minuti"},"schema":{"@context":"https:\/\/schema.org","@graph":[{"@type":"WebPage","@id":"http:\/\/bailador.org\/blog\/violenza-verso-il-non-umano\/lo-sputo-in-faccia-e-la-colonna-infame\/","url":"http:\/\/bailador.org\/blog\/violenza-verso-il-non-umano\/lo-sputo-in-faccia-e-la-colonna-infame\/","name":"Lo sputo in faccia e la colonna infame - Bailador","isPartOf":{"@id":"http:\/\/bailador.org\/blog\/#website"},"datePublished":"2010-08-19T09:53:25+00:00","breadcrumb":{"@id":"http:\/\/bailador.org\/blog\/violenza-verso-il-non-umano\/lo-sputo-in-faccia-e-la-colonna-infame\/#breadcrumb"},"inLanguage":"it-IT","potentialAction":[{"@type":"ReadAction","target":["http:\/\/bailador.org\/blog\/violenza-verso-il-non-umano\/lo-sputo-in-faccia-e-la-colonna-infame\/"]}]},{"@type":"BreadcrumbList","@id":"http:\/\/bailador.org\/blog\/violenza-verso-il-non-umano\/lo-sputo-in-faccia-e-la-colonna-infame\/#breadcrumb","itemListElement":[{"@type":"ListItem","position":1,"name":"Home","item":"http:\/\/bailador.org\/blog\/"},{"@type":"ListItem","position":2,"name":"Violenza e il non umano","item":"http:\/\/bailador.org\/blog\/violenza-verso-il-non-umano\/"},{"@type":"ListItem","position":3,"name":"Lo sputo in faccia e la colonna infame"}]},{"@type":"WebSite","@id":"http:\/\/bailador.org\/blog\/#website","url":"http:\/\/bailador.org\/blog\/","name":"Bailador","description":"Gruppo di lavoro per la difesa del non umano","publisher":{"@id":"http:\/\/bailador.org\/blog\/#organization"},"potentialAction":[{"@type":"SearchAction","target":{"@type":"EntryPoint","urlTemplate":"http:\/\/bailador.org\/blog\/?s={search_term_string}"},"query-input":{"@type":"PropertyValueSpecification","valueRequired":true,"valueName":"search_term_string"}}],"inLanguage":"it-IT"},{"@type":"Organization","@id":"http:\/\/bailador.org\/blog\/#organization","name":"Bailador","url":"http:\/\/bailador.org\/blog\/","logo":{"@type":"ImageObject","inLanguage":"it-IT","@id":"http:\/\/bailador.org\/blog\/#\/schema\/logo\/image\/","url":"http:\/\/bailador.org\/blog\/wp-content\/uploads\/2024\/02\/testa-bailador-1920.jpg","contentUrl":"http:\/\/bailador.org\/blog\/wp-content\/uploads\/2024\/02\/testa-bailador-1920.jpg","width":1500,"height":698,"caption":"Bailador"},"image":{"@id":"http:\/\/bailador.org\/blog\/#\/schema\/logo\/image\/"},"sameAs":["https:\/\/www.facebook.com\/Bailador.org"]}]}},"_links":{"self":[{"href":"http:\/\/bailador.org\/blog\/wp-json\/wp\/v2\/pages\/109","targetHints":{"allow":["GET"]}}],"collection":[{"href":"http:\/\/bailador.org\/blog\/wp-json\/wp\/v2\/pages"}],"about":[{"href":"http:\/\/bailador.org\/blog\/wp-json\/wp\/v2\/types\/page"}],"author":[{"embeddable":true,"href":"http:\/\/bailador.org\/blog\/wp-json\/wp\/v2\/users\/1"}],"replies":[{"embeddable":true,"href":"http:\/\/bailador.org\/blog\/wp-json\/wp\/v2\/comments?post=109"}],"version-history":[{"count":1,"href":"http:\/\/bailador.org\/blog\/wp-json\/wp\/v2\/pages\/109\/revisions"}],"predecessor-version":[{"id":110,"href":"http:\/\/bailador.org\/blog\/wp-json\/wp\/v2\/pages\/109\/revisions\/110"}],"up":[{"embeddable":true,"href":"http:\/\/bailador.org\/blog\/wp-json\/wp\/v2\/pages\/24"}],"wp:attachment":[{"href":"http:\/\/bailador.org\/blog\/wp-json\/wp\/v2\/media?parent=109"}],"curies":[{"name":"wp","href":"https:\/\/api.w.org\/{rel}","templated":true}]}}